{"id":87649,"date":"2023-04-24T12:32:37","date_gmt":"2023-04-24T12:32:37","guid":{"rendered":"https:\/\/eu.iko.com\/product\/geen-divisie\/iko-base-atelia\/"},"modified":"2026-04-09T14:17:24","modified_gmt":"2026-04-09T14:17:24","slug":"iko-base-atelia","status":"publish","type":"cpt_product","link":"https:\/\/eu.iko.com\/de\/product\/flachdachsysteme\/iko-base-atelia\/","title":{"rendered":"IKO base Atelia"},"content":{"rendered":"\n<section class=\"block block-hero-product pt-15 pb-50 pb-md-60 pb-lg-80 pb-xl-100 \" id=\"block_dbb57fb29f84d50af83b0e283abb920b\">\n    <div class=\"container\">\n        <div class=\"row\">\n            <div class=\"col-12\" data-aos=\"fade-up\">\n                <h1 class=\"h2 mb-40\">IKO base <span>Atelia<\/span><\/h1>\n            <\/div>\n            <div class=\"col-12 col-md-6 order-2 order-md-1 pr-md-30 pr-lg-40 pr-xl-60 block-hero-product__text\" data-aos=\"fade-up\">\n                <p>IKO atelia Dachbahnen werden st\u00e4ndig weiterentwickelt, was bedeutet, dass der Anteil der Sekund\u00e4rrohstoffe st\u00e4ndig deutlich erh\u00f6ht wird. Da alle Komponenten der IKO atelia Dachkonstruktion demontierbar sind, ist dieses System eine perfekte L\u00f6sung f\u00fcr zirkul\u00e4res Bauen.<\/p>\n<p><strong>IKO base P3 T\/F Atelia<\/strong> ist eine Zwischenlage aus Polymerbitumen und einer Polyestereinlage. Die Oberseite dieser Unterlage ist mit Sand, die Unterseite mit einer Abbrennfolie versehen. Diese Zwischenlage enth\u00e4lt \u2265 20 % Sekund\u00e4rrohstoffe pro Gewicht der Bahn. Diese Zwischenlage wird vollst\u00e4ndig mit dem Brenner verschwei\u00dft, mechanisch befestigt oder lose mit Ballast verlegt.<\/p>\n<p><strong>IKO base 460P60 EU Atelia<\/strong> ist eine Bitumenzwischenlage in einem mehrschichtigen System auf der Basis von plastomerem (APP) Bitumen und einer Polyestereinlage. Die Oberseite ist mit einer Abbrennfolie versehen, die Unterseite besteht aus einem nackten Polyestervlies. Diese Zwischenlage enth\u00e4lt \u2265 20 % Sekund\u00e4rrohstoffe pro Gewicht der Bahn. Diese Zwischenlage wird mechanisch auf der Unterkonstruktion befestigt oder lose mit Schotter verlegt.<\/p>\n<p><strong>Diese Dachbahn ist zu 100 % recycelbar.<\/strong><\/p>\n                                                    <div class=\"d-flex flex-row flex-wrap align-items-center mt-10\">\n                                                                        <\/div>\n                                                    <a href=\"https:\/\/eu.iko.com\/de\/iko-datenblaetter\/?file=iko-base-atelia-dampschermen\" target=\"\" class=\"btn btn-dark mt-20\">\n                        Download technisches Datenblatt  \n                        <i class=\"fas fa-plus fa-xs border border-sm rounded-circle p-1 ml-2\"><\/i>\n                    <\/a>\n                            <\/div>\n            <div class=\"col-12 col-md-6 text-center order-1 order-md-2 mb-40 mb-md-0 block-hero-product__image\" data-aos=\"fade-up\">\n                                    <img decoding=\"async\" src=\"https:\/\/eu.iko.com\/wp-content\/uploads\/2023\/01\/iko-powergum-atelia.jpeg\" alt=\"\" class=\"img-fluid h-100\">\n                            <\/div>\n        <\/div>\n    <\/div>\n<\/section>\n\n<section class=\"block block-image-text pt-40 pt-md-50 pt-lg-60  bg-light\" id=\"block_2210877e0f37260b69b2d6625daad1be\">\n    <div class=\"container image_text_left\">\n        <div class=\"row align-items-center\">\n            <div class=\"col-12 col-sm-6 block-image-text__text  py-20 py-md-30 py-lg-40\" data-aos=\"fade-up\">\n                <h2 class=\"mb-40\"><span>Vorteile<\/span> IKO base Atelia<\/h2>\n                <ul>\n<li>Mit Schmelzfolie ausgestattet<\/li>\n<li>Wurzelfest<\/li>\n<li>Sehr lange Lebensdauer<\/li>\n<li>Anwendbar in einem zirkul\u00e4ren Dachsystem<\/li>\n<li>Feuerbest\u00e4ndig Broof (T1)<\/li>\n<li>Mechanisch befestigt oder lose verlegt mit Ballast in einem Dachsystem<\/li>\n<li>Diese Unterlage enth\u00e4lt \u2265 20 % recycelte Rohstoffe pro Rolle<\/li>\n<li>Diese Dachbahn ist 100 % recycelbar<\/li>\n<\/ul>\n                <div class=\"mx-n10\">\n                                                        <\/div>\n            <\/div>\n            <div class=\"col-12 col-sm-6 text-center block-image-text__image   portret-img\" data-aos=\"fade-up\">\n                <img decoding=\"async\" src=\"https:\/\/eu.iko.com\/wp-content\/uploads\/2023\/04\/iko-base-atelia.png\" alt=\"\" class=\"img-fluid h-100\">\n            <\/div>\n        <\/div>\n    <\/div>\n<\/section>\n\n\n    <div class=\"pt-40 pt-md-60 pt-lg-80 pt-xl-90 pb-15 \" id=\"block_f49e794e36ad882fc61588d3fe12b2d2\">\n        <div class=\"container\">            <div class=\"block block-heading text-left\" data-aos=\"fade-up\">\n                <h3 class=\"h2 text-dark mb-0\"><span>Ausf\u00fchrung<\/span> oben\/unten IKO base T\/F Atelia<\/h3>\n            <\/div>\n        <\/div>\n    <\/div>\n\n<div class=\"block block-gallery   \" id=\"block_ef000447420416d620182b891f1a882a\">\n    <div class=\"container\">\n        \n        <div class=\"row mt-20 mt-lg-40\">\n                            <div class=\"col-md-4 mb-20 mb-lg-40\" data-aos=\"fade-up\">\n                    <a href=\"https:\/\/eu.iko.com\/wp-content\/uploads\/2023\/01\/Upper-surface-finish-Talc-Sand.webp\" class=\"block-gallery__item venobox\" data-gall=\"venobox\">\n                        <img loading=\"lazy\" decoding=\"async\" width=\"800\" height=\"600\" src=\"https:\/\/eu.iko.com\/wp-content\/uploads\/2023\/01\/Upper-surface-finish-Talc-Sand-800x600.webp\" class=\"img-fluid\" alt=\"\" title=\"Upper surface finish Talc-Sand\" srcset=\"https:\/\/eu.iko.com\/wp-content\/uploads\/2023\/01\/Upper-surface-finish-Talc-Sand-800x600.webp 800w, https:\/\/eu.iko.com\/wp-content\/uploads\/2023\/01\/Upper-surface-finish-Talc-Sand-1600x1200.webp 1600w, https:\/\/eu.iko.com\/wp-content\/uploads\/2023\/01\/Upper-surface-finish-Talc-Sand-400x300.webp 400w\" sizes=\"auto, (max-width: 800px) 100vw, 800px\" \/>                        \n                                            <\/a>\n                <\/div>\n                            <div class=\"col-md-4 mb-20 mb-lg-40\" data-aos=\"fade-up\">\n                    <a href=\"https:\/\/eu.iko.com\/wp-content\/uploads\/2023\/01\/Lower-surface-finish-thermofusible-film.webp\" class=\"block-gallery__item venobox\" data-gall=\"venobox\">\n                        <img loading=\"lazy\" decoding=\"async\" width=\"800\" height=\"600\" src=\"https:\/\/eu.iko.com\/wp-content\/uploads\/2023\/01\/Lower-surface-finish-thermofusible-film-800x600.webp\" class=\"img-fluid\" alt=\"\" title=\"Lower surface finish thermofusible film\" srcset=\"https:\/\/eu.iko.com\/wp-content\/uploads\/2023\/01\/Lower-surface-finish-thermofusible-film-800x600.webp 800w, https:\/\/eu.iko.com\/wp-content\/uploads\/2023\/01\/Lower-surface-finish-thermofusible-film-1600x1200.webp 1600w, https:\/\/eu.iko.com\/wp-content\/uploads\/2023\/01\/Lower-surface-finish-thermofusible-film-400x300.webp 400w\" sizes=\"auto, (max-width: 800px) 100vw, 800px\" \/>                        \n                                            <\/a>\n                <\/div>\n                    <\/div>\n    <\/div>\n<\/div>\n\n    <div class=\"pt-40 pt-md-60 pt-lg-80 pt-xl-90 pb-15 \" id=\"block_a266ffca6a9fd112b4758f9a26a29586\">\n        <div class=\"container\">            <div class=\"block block-heading text-left\" data-aos=\"fade-up\">\n                <h3 class=\"h2 text-dark mb-0\"><span>Ausf\u00fchrung<\/span> oben\/unten IKO base 460P60 EU Atelia<\/h3>\n            <\/div>\n        <\/div>\n    <\/div>\n\n<div class=\"block block-gallery   \" id=\"block_603fa21caafa9f7e44329a51aa3e8d9f\">\n    <div class=\"container\">\n        \n        <div class=\"row mt-20 mt-lg-40\">\n                            <div class=\"col-md-4 mb-20 mb-lg-40\" data-aos=\"fade-up\">\n                    <a href=\"https:\/\/eu.iko.com\/wp-content\/uploads\/2023\/01\/Upper-surface-finish-thermofusible-film.webp\" class=\"block-gallery__item venobox\" data-gall=\"venobox\">\n                        <img loading=\"lazy\" decoding=\"async\" width=\"800\" height=\"600\" src=\"https:\/\/eu.iko.com\/wp-content\/uploads\/2023\/01\/Upper-surface-finish-thermofusible-film-800x600.webp\" class=\"img-fluid\" alt=\"\" title=\"Upper surface finish thermofusible film\" srcset=\"https:\/\/eu.iko.com\/wp-content\/uploads\/2023\/01\/Upper-surface-finish-thermofusible-film-800x600.webp 800w, https:\/\/eu.iko.com\/wp-content\/uploads\/2023\/01\/Upper-surface-finish-thermofusible-film-1600x1200.webp 1600w, https:\/\/eu.iko.com\/wp-content\/uploads\/2023\/01\/Upper-surface-finish-thermofusible-film-400x300.webp 400w\" sizes=\"auto, (max-width: 800px) 100vw, 800px\" \/>                        \n                                            <\/a>\n                <\/div>\n                            <div class=\"col-md-4 mb-20 mb-lg-40\" data-aos=\"fade-up\">\n                    <a href=\"https:\/\/eu.iko.com\/wp-content\/uploads\/2023\/01\/Lower-surface-finish-polyester-fleece-white.webp\" class=\"block-gallery__item venobox\" data-gall=\"venobox\">\n                        <img loading=\"lazy\" decoding=\"async\" width=\"800\" height=\"600\" src=\"https:\/\/eu.iko.com\/wp-content\/uploads\/2023\/01\/Lower-surface-finish-polyester-fleece-white-800x600.webp\" class=\"img-fluid\" alt=\"\" title=\"Lower surface finish polyester fleece &#8211; white\" srcset=\"https:\/\/eu.iko.com\/wp-content\/uploads\/2023\/01\/Lower-surface-finish-polyester-fleece-white-800x600.webp 800w, https:\/\/eu.iko.com\/wp-content\/uploads\/2023\/01\/Lower-surface-finish-polyester-fleece-white-1600x1200.webp 1600w, https:\/\/eu.iko.com\/wp-content\/uploads\/2023\/01\/Lower-surface-finish-polyester-fleece-white-400x300.webp 400w\" sizes=\"auto, (max-width: 800px) 100vw, 800px\" \/>                        \n                                            <\/a>\n                <\/div>\n                    <\/div>\n    <\/div>\n<\/div>\n\n\n<section class=\"block block-documentation   bg-light\" id=\"block_76d072c679f4a1e39da6ad5ff8338fe1\">\n    <div class=\"block-documentation__content\">\n        <div class=\"block-documentation__container py-40 py-lg-80 bp-xl-100 bg-white\" data-aos=\"fade-up\">\n            <div class=\"px-15 pl-sm-0 pr-sm-25 pr-md-40\">\n\n                            <div class=\"row mb-20 mb-md-30 mb-lg-40 mb-xl-50\">\n                    <div class=\"col-12\">\n                        <h2>Alle <span>Dokumente<\/span> an einem Ort<\/h2>\n                    <\/div>\n                <\/div>\n            \n            <div class=\"row\">\n                                                        <div class=\"col-6 col-md-20 mb-30\" data-aos=\"fade-up\">\n                                                    <a class=\"d-flex flex-column align-items-center bg-white h-100 p-20 py-lg-30 px-lg-40 block-documentation__single\" href=\"https:\/\/eu.iko.com\/de\/iko-datenblaetter\/?file=iko-base-atelia-dampschermen\" target=\"_blank\">\n                                                                                            <div class=\"min-height-1\">\n                                        <div class=\"overflow-hidden\">\n                                            <img loading=\"lazy\" decoding=\"async\" width=\"70\" height=\"70\" src=\"https:\/\/eu.iko.com\/wp-content\/uploads\/2023\/01\/image-51.png\" class=\"block-documentation__single-image w-100 img-fluid\" alt=\"\" srcset=\"https:\/\/eu.iko.com\/wp-content\/uploads\/2023\/01\/image-51.png 70w, https:\/\/eu.iko.com\/wp-content\/uploads\/2023\/01\/image-51-200x200.png 200w\" sizes=\"auto, (max-width: 70px) 100vw, 70px\" \/>                                        <\/div>\n                                    <\/div>\n                                                                <div class=\"text-dark text-center mt-15 mt-lg-20 block-documentation__single-text\">Datenbl\u00e4tt<\/div>\n                                                                                    <\/a>\n                                            <\/div>\n                                                        <div class=\"col-6 col-md-20 mb-30\" data-aos=\"fade-up\">\n                                                    <a class=\"d-flex flex-column align-items-center bg-white h-100 p-20 py-lg-30 px-lg-40 block-documentation__single\" href=\"https:\/\/www.ikodop.eu\/\" target=\"_blank\">\n                                                                                            <div class=\"min-height-1\">\n                                        <div class=\"overflow-hidden\">\n                                            <img loading=\"lazy\" decoding=\"async\" width=\"70\" height=\"70\" src=\"https:\/\/eu.iko.com\/wp-content\/uploads\/2023\/01\/image-50.png\" class=\"block-documentation__single-image w-100 img-fluid\" alt=\"\" srcset=\"https:\/\/eu.iko.com\/wp-content\/uploads\/2023\/01\/image-50.png 70w, https:\/\/eu.iko.com\/wp-content\/uploads\/2023\/01\/image-50-200x200.png 200w\" sizes=\"auto, (max-width: 70px) 100vw, 70px\" \/>                                        <\/div>\n                                    <\/div>\n                                                                <div class=\"text-dark text-center mt-15 mt-lg-20 block-documentation__single-text\">DOP<\/div>\n                                                                                    <\/a>\n                                            <\/div>\n                                                        <div class=\"col-6 col-md-20 mb-30\" data-aos=\"fade-up\">\n                                                    <a class=\"d-flex flex-column align-items-center bg-white h-100 p-20 py-lg-30 px-lg-40 block-documentation__single\" href=\"https:\/\/eu.iko.com\/de\/iko-broschuren\/\" target=\"_blank\">\n                                                                                            <div class=\"min-height-1\">\n                                        <div class=\"overflow-hidden\">\n                                            <img loading=\"lazy\" decoding=\"async\" width=\"70\" height=\"70\" src=\"https:\/\/eu.iko.com\/wp-content\/uploads\/2023\/01\/image-49.png\" class=\"block-documentation__single-image w-100 img-fluid\" alt=\"\" srcset=\"https:\/\/eu.iko.com\/wp-content\/uploads\/2023\/01\/image-49.png 70w, https:\/\/eu.iko.com\/wp-content\/uploads\/2023\/01\/image-49-200x200.png 200w\" sizes=\"auto, (max-width: 70px) 100vw, 70px\" \/>                                        <\/div>\n                                    <\/div>\n                                                                <div class=\"text-dark text-center mt-15 mt-lg-20 block-documentation__single-text\">Brosch\u00fcre<\/div>\n                                                                                    <\/a>\n                                            <\/div>\n                                                        <div class=\"col-6 col-md-20 mb-30\" data-aos=\"fade-up\">\n                                                    <a class=\"d-flex flex-column align-items-center bg-white h-100 p-20 py-lg-30 px-lg-40 block-documentation__single\" href=\"https:\/\/eu.iko.com\/de\/iko-zertifikate\/\" target=\"_blank\">\n                                                                                            <div class=\"min-height-1\">\n                                        <div class=\"overflow-hidden\">\n                                            <img loading=\"lazy\" decoding=\"async\" width=\"70\" height=\"70\" src=\"https:\/\/eu.iko.com\/wp-content\/uploads\/2023\/01\/image-48.png\" class=\"block-documentation__single-image w-100 img-fluid\" alt=\"\" srcset=\"https:\/\/eu.iko.com\/wp-content\/uploads\/2023\/01\/image-48.png 70w, https:\/\/eu.iko.com\/wp-content\/uploads\/2023\/01\/image-48-200x200.png 200w\" sizes=\"auto, (max-width: 70px) 100vw, 70px\" \/>                                        <\/div>\n                                    <\/div>\n                                                                <div class=\"text-dark text-center mt-15 mt-lg-20 block-documentation__single-text\">Zertifikate<\/div>\n                                                                                    <\/a>\n                                            <\/div>\n                            <\/div>\n\n            \n            <\/div>\n        <\/div>\n    <\/div>\n\n    <div class=\"block-documentation__background py-40 py-md-60 py-lg-80 py-xl-100 filter-transparent\" style=\"background-image: url('https:\/\/eu.iko.com\/wp-content\/uploads\/2023\/01\/daksystemen.png');\">\n        <div class=\"container pt-120 pt-md-150 pt-lg-200 pt-xl-250\">\n            <div class=\"row\">\n                <div class=\"col-12 block-documentation__background-content\">\n                                            <h2 class=\"text-white\">Ich m\u00f6chte eine <span>Frage stellen<\/span> zu IKO shield und IKO base Atelia<\/h2>\n                                                                <div class=\"mt-20 mt-md-30 mt-lg-40\">\n                            <a href=\"https:\/\/eu.iko.com\/de\/kontakt\/\" class=\"btn btn-white\" target=\"\">Kontaktieren Sie uns<\/a>\n                        <\/div>\n                                    <\/div>\n            <\/div>\n        <\/div>\n    <\/div>\n<\/section>\n\n\n<section class=\"block block-image-text pt-40 pt-md-50 pt-lg-60 pb-40 pb-md-50 pb-lg-60 \" id=\"block_2ac1766d73a657e95f8b61147d1fb58f\">\n    <div class=\"container image_text_left\">\n        <div class=\"row align-items-center\">\n            <div class=\"col-12 col-sm-6 block-image-text__text  py-20 py-md-30 py-lg-40\" data-aos=\"fade-up\">\n                <h2 class=\"mb-40\">Raumklimakategorie<\/h2>\n                <p>Die Innenklimaklasse des Geb\u00e4udes wird auf Basis des Dampfdrucks im Geb\u00e4ude bestimmt; dieser wird haupts\u00e4chlich durch die Feuchtigkeitsproduktion im Geb\u00e4ude beeinflusst. Es wird zwischen vier Innenklimaklassen unterschieden.<\/p>\n<p>Es wird empfohlen, IMMER Dampfsperren f\u00fcr Innenklimaklasse III oder IV zu verwenden. F\u00fcr Dampfsperren der Klasse III oder niedriger k\u00f6nnen Sie Produkte aus der IKO Base Range verwenden.<\/p>\n                <div class=\"mx-n10\">\n                                            <a href=\"https:\/\/eu.iko.com\/de\/kontakt\/\" target=\"\" class=\"btn btn-primary mt-20 mx-10\">\n                            Konsultieren Sie Ihren IKO-Spezialisten  \n                            <i class=\"fas fa-plus fa-xs border border-sm rounded-circle p-1 ml-2\"><\/i>\n                        <\/a>\n                                                        <\/div>\n            <\/div>\n            <div class=\"col-12 col-sm-6 text-center block-image-text__image   \" data-aos=\"fade-up\">\n                <img decoding=\"async\" src=\"https:\/\/eu.iko.com\/wp-content\/uploads\/2023\/02\/binnenklimaatklasse-en.jpg\" alt=\"\" class=\"img-fluid h-100\">\n            <\/div>\n        <\/div>\n    <\/div>\n<\/section>\n\n\n\n<section class=\"block b-post-grid pt-30 pt-md-50 pt-lg-70 pt-xl-80 pb-30 pb-md-50 pb-lg-70 pb-xl-80 bg-light\" id=\"block_5eca221f623df61433ece05666e31e86\">\n<div class=\"container\">\n\n            <div class=\"row mb-20 mb-md-30 mb-lg-40\" data-aos=\"fade-up\">\n            <div class=\"col-12\">\n                <h2>Unsere <span>Erfolgsgeschichten<\/span><\/h2>\n            <\/div>\n        <\/div>\n     \n    \n    <div class=\"row c-filter__animation_obj-wrapper c-filter__cpt_references\" data-aos=\"fade-up\">\n                    \n                            <div class=\"c-filter__animation_obj c-filter__blog  shadow d-flex flex-column cpt_references\" filterdata=\"984 806 810 838 811 812 816 818 836 \">\n                                            <a class=\"min-height-1\" href=\"https:\/\/eu.iko.com\/de\/referenzen\/flachdachsanierung-in-erkrath-nrw\/\">\n                            <div class=\"overflow-hidden\">\n                                <img loading=\"lazy\" decoding=\"async\" width=\"800\" height=\"450\" src=\"https:\/\/eu.iko.com\/wp-content\/uploads\/2025\/01\/Dachsanierung-bfw-Erkrath-9-scaled.jpg\" class=\"c-filter__animation_obj__thumbnail w-100 img-fluid wp-post-image\" alt=\"Flachdachsanierung, Erkrath, Deutschland\" srcset=\"https:\/\/eu.iko.com\/wp-content\/uploads\/2025\/01\/Dachsanierung-bfw-Erkrath-9-scaled.jpg 2560w, https:\/\/eu.iko.com\/wp-content\/uploads\/2025\/01\/Dachsanierung-bfw-Erkrath-9-768x432.jpg 768w, https:\/\/eu.iko.com\/wp-content\/uploads\/2025\/01\/Dachsanierung-bfw-Erkrath-9-1600x900.jpg 1600w, https:\/\/eu.iko.com\/wp-content\/uploads\/2025\/01\/Dachsanierung-bfw-Erkrath-9-1536x864.jpg 1536w, https:\/\/eu.iko.com\/wp-content\/uploads\/2025\/01\/Dachsanierung-bfw-Erkrath-9-2048x1152.jpg 2048w, https:\/\/eu.iko.com\/wp-content\/uploads\/2025\/01\/Dachsanierung-bfw-Erkrath-9-290x163.jpg 290w, https:\/\/eu.iko.com\/wp-content\/uploads\/2025\/01\/Dachsanierung-bfw-Erkrath-9-600x338.jpg 600w, https:\/\/eu.iko.com\/wp-content\/uploads\/2025\/01\/Dachsanierung-bfw-Erkrath-9-800x450.jpg 800w\" sizes=\"auto, (max-width: 800px) 100vw, 800px\" \/>                            <\/div>\n                        <\/a>\n                    \n                    <a class=\"text-dark h-100\" href=\"https:\/\/eu.iko.com\/de\/referenzen\/flachdachsanierung-in-erkrath-nrw\/\">                                                \n                        <div class=\"px-20 px-md-30 py-15 bg-light h-100\">\n                            <div class=\"mt-auto\">\n                                                                    <div class=\"text-dark font-weight-bolder d-flex flex-wrap align-items-center\" href=\"https:\/\/eu.iko.com\/de\/referenzen\/flachdachsanierung-in-erkrath-nrw\/\">\n                                        Flachdachsanierung, Erkrath, Deutschland                                        <i class=\"fas fa-plus-circle text-primary ml-auto mr-0\"><\/i>\n                                    <\/div>\n                                                            <\/div>\n                            \n                        <\/div>\n                                                <\/a>                <\/div>\n                                \n                            <div class=\"c-filter__animation_obj c-filter__blog  shadow d-flex flex-column cpt_references\" filterdata=\"984 806 810 838 812 816 818 \">\n                                            <a class=\"min-height-1\" href=\"https:\/\/eu.iko.com\/de\/referenzen\/flachdachsanierung-bergisch-gladbach-deutschland\/\">\n                            <div class=\"overflow-hidden\">\n                                <img loading=\"lazy\" decoding=\"async\" width=\"800\" height=\"450\" src=\"https:\/\/eu.iko.com\/wp-content\/uploads\/2026\/04\/2025-12-12_Reference-object-Edeka-Bergisch-Gladbach-10-scaled.jpg\" class=\"c-filter__animation_obj__thumbnail w-100 img-fluid wp-post-image\" alt=\"Flachdachsanierung, Bergisch-Gladbach, Deutschland\" srcset=\"https:\/\/eu.iko.com\/wp-content\/uploads\/2026\/04\/2025-12-12_Reference-object-Edeka-Bergisch-Gladbach-10-scaled.jpg 2560w, https:\/\/eu.iko.com\/wp-content\/uploads\/2026\/04\/2025-12-12_Reference-object-Edeka-Bergisch-Gladbach-10-768x432.jpg 768w, https:\/\/eu.iko.com\/wp-content\/uploads\/2026\/04\/2025-12-12_Reference-object-Edeka-Bergisch-Gladbach-10-1600x900.jpg 1600w, https:\/\/eu.iko.com\/wp-content\/uploads\/2026\/04\/2025-12-12_Reference-object-Edeka-Bergisch-Gladbach-10-1536x864.jpg 1536w, https:\/\/eu.iko.com\/wp-content\/uploads\/2026\/04\/2025-12-12_Reference-object-Edeka-Bergisch-Gladbach-10-2048x1152.jpg 2048w, https:\/\/eu.iko.com\/wp-content\/uploads\/2026\/04\/2025-12-12_Reference-object-Edeka-Bergisch-Gladbach-10-290x163.jpg 290w, https:\/\/eu.iko.com\/wp-content\/uploads\/2026\/04\/2025-12-12_Reference-object-Edeka-Bergisch-Gladbach-10-600x338.jpg 600w, https:\/\/eu.iko.com\/wp-content\/uploads\/2026\/04\/2025-12-12_Reference-object-Edeka-Bergisch-Gladbach-10-800x450.jpg 800w\" sizes=\"auto, (max-width: 800px) 100vw, 800px\" \/>                            <\/div>\n                        <\/a>\n                    \n                    <a class=\"text-dark h-100\" href=\"https:\/\/eu.iko.com\/de\/referenzen\/flachdachsanierung-bergisch-gladbach-deutschland\/\">                                                \n                        <div class=\"px-20 px-md-30 py-15 bg-light h-100\">\n                            <div class=\"mt-auto\">\n                                                                    <div class=\"text-dark font-weight-bolder d-flex flex-wrap align-items-center\" href=\"https:\/\/eu.iko.com\/de\/referenzen\/flachdachsanierung-bergisch-gladbach-deutschland\/\">\n                                        Flachdachsanierung, Bergisch-Gladbach, Deutschland                                        <i class=\"fas fa-plus-circle text-primary ml-auto mr-0\"><\/i>\n                                    <\/div>\n                                                            <\/div>\n                            \n                        <\/div>\n                                                <\/a>                <\/div>\n                                \n                            <div class=\"c-filter__animation_obj c-filter__blog  shadow d-flex flex-column cpt_references\" filterdata=\"806 810 838 811 817 \">\n                                            <a class=\"min-height-1\" href=\"https:\/\/eu.iko.com\/de\/referenzen\/akropole-riga-lettland\/\">\n                            <div class=\"overflow-hidden\">\n                                <img loading=\"lazy\" decoding=\"async\" width=\"800\" height=\"450\" src=\"https:\/\/eu.iko.com\/wp-content\/uploads\/2023\/06\/Akropole_16.08.18_13.jpg\" class=\"c-filter__animation_obj__thumbnail w-100 img-fluid wp-post-image\" alt=\"Akropole, Riga, Lettland\" srcset=\"https:\/\/eu.iko.com\/wp-content\/uploads\/2023\/06\/Akropole_16.08.18_13.jpg 1000w, https:\/\/eu.iko.com\/wp-content\/uploads\/2023\/06\/Akropole_16.08.18_13-768x432.jpg 768w, https:\/\/eu.iko.com\/wp-content\/uploads\/2023\/06\/Akropole_16.08.18_13-290x163.jpg 290w, https:\/\/eu.iko.com\/wp-content\/uploads\/2023\/06\/Akropole_16.08.18_13-600x338.jpg 600w, https:\/\/eu.iko.com\/wp-content\/uploads\/2023\/06\/Akropole_16.08.18_13-800x450.jpg 800w\" sizes=\"auto, (max-width: 800px) 100vw, 800px\" \/>                            <\/div>\n                        <\/a>\n                    \n                    <a class=\"text-dark h-100\" href=\"https:\/\/eu.iko.com\/de\/referenzen\/akropole-riga-lettland\/\">                                                \n                        <div class=\"px-20 px-md-30 py-15 bg-light h-100\">\n                            <div class=\"mt-auto\">\n                                                                    <div class=\"text-dark font-weight-bolder d-flex flex-wrap align-items-center\" href=\"https:\/\/eu.iko.com\/de\/referenzen\/akropole-riga-lettland\/\">\n                                        Akropole, Riga, Lettland                                        <i class=\"fas fa-plus-circle text-primary ml-auto mr-0\"><\/i>\n                                    <\/div>\n                                                            <\/div>\n                            \n                        <\/div>\n                                                <\/a>                <\/div>\n                                \n                            <div class=\"c-filter__animation_obj c-filter__blog  shadow d-flex flex-column cpt_references\" filterdata=\"806 810 838 811 831 \">\n                                            <a class=\"min-height-1\" href=\"https:\/\/eu.iko.com\/de\/referenzen\/glain-luik-belgien\/\">\n                            <div class=\"overflow-hidden\">\n                                <img loading=\"lazy\" decoding=\"async\" width=\"800\" height=\"534\" src=\"https:\/\/eu.iko.com\/wp-content\/uploads\/2023\/06\/Webp.net-resizeimage-3.jpg\" class=\"c-filter__animation_obj__thumbnail w-100 img-fluid wp-post-image\" alt=\"Glain, Luik, Belgien\" srcset=\"https:\/\/eu.iko.com\/wp-content\/uploads\/2023\/06\/Webp.net-resizeimage-3.jpg 1063w, https:\/\/eu.iko.com\/wp-content\/uploads\/2023\/06\/Webp.net-resizeimage-3-768x512.jpg 768w, https:\/\/eu.iko.com\/wp-content\/uploads\/2023\/06\/Webp.net-resizeimage-3-290x193.jpg 290w, https:\/\/eu.iko.com\/wp-content\/uploads\/2023\/06\/Webp.net-resizeimage-3-600x400.jpg 600w, https:\/\/eu.iko.com\/wp-content\/uploads\/2023\/06\/Webp.net-resizeimage-3-1050x700.jpg 1050w, https:\/\/eu.iko.com\/wp-content\/uploads\/2023\/06\/Webp.net-resizeimage-3-800x534.jpg 800w\" sizes=\"auto, (max-width: 800px) 100vw, 800px\" \/>                            <\/div>\n                        <\/a>\n                    \n                    <a class=\"text-dark h-100\" href=\"https:\/\/eu.iko.com\/de\/referenzen\/glain-luik-belgien\/\">                                                \n                        <div class=\"px-20 px-md-30 py-15 bg-light h-100\">\n                            <div class=\"mt-auto\">\n                                                                    <div class=\"text-dark font-weight-bolder d-flex flex-wrap align-items-center\" href=\"https:\/\/eu.iko.com\/de\/referenzen\/glain-luik-belgien\/\">\n                                        Glain, Luik, Belgien                                        <i class=\"fas fa-plus-circle text-primary ml-auto mr-0\"><\/i>\n                                    <\/div>\n                                                            <\/div>\n                            \n                        <\/div>\n                                                <\/a>                <\/div>\n                        <\/div>\n\n        \n            <div class=\"row mt-20 mt-lg-30\" data-aos=\"fade-up\">\n            <div class=\"col-12\">\n                <a class=\"btn btn-secondary\" href=\"https:\/\/eu.iko.com\/de\/flachdachsysteme\/referenzen\/\" target=\"\">\n                    Weitere Referenzen finden Sie hier                    <i class=\"fas fa-plus fa-xs border border-sm rounded-circle p-1 ml-2\"><\/i>\n                <\/a>\n            <\/div>\n        <\/div>\n    \n<\/div>\n<\/section>\n\n\n<section class=\"block b-post-grid pt-30 pt-md-50 pt-lg-70 pt-xl-80 pb-30 pb-md-50 pb-lg-70 pb-xl-80 \" id=\"block_9185bf44ed734a33674b01ac60b9935f\">\n<div class=\"container\">\n\n            <div class=\"row mb-20 mb-md-30 mb-lg-40\" data-aos=\"fade-up\">\n            <div class=\"col-12\">\n                <h2>Entdecken Sie all unsere <span>IKO dampfsperre<\/span><\/h2>\n            <\/div>\n        <\/div>\n     \n    \n    <div class=\"row c-filter__animation_obj-wrapper c-filter__cpt_product\" data-aos=\"fade-up\">\n                    \n                            <div class=\"c-filter__animation_obj shadow d-flex flex-column c-small-product\" filterdata=\"1068 \">\n                                            <a class=\"bg-white text-dark d-flex flex-column flex-grow-1 pt-15 pt-md-20 px-15 px-lg-20\" href=\"https:\/\/eu.iko.com\/de\/product\/flachdachsysteme\/iko-shield-sa\/\">\n\n                                                            <h5 class=\"text-dark text-center font-weight-bolder mb-2\">\n                                    IKO shield SA                                <\/h5>\n                            \n                            <\/a>\n                                                                <a class=\"min-height-1 bg-white\" href=\"https:\/\/eu.iko.com\/de\/product\/flachdachsysteme\/iko-shield-sa\/\">\n                            <div class=\"overflow-hidden c-small-product__image\">\n                                <img loading=\"lazy\" decoding=\"async\" width=\"85\" height=\"299\" src=\"https:\/\/eu.iko.com\/wp-content\/uploads\/2023\/02\/iko-shield-sa-rol.png\" class=\"c-filter__animation_obj__thumbnail w-100 img-fluid wp-post-image\" alt=\"IKO shield SA\" \/>                            <\/div>\n                        <\/a>\n                                    <\/div>\n                                \n                            <div class=\"c-filter__animation_obj shadow d-flex flex-column c-small-product\" filterdata=\"1068 1066 \">\n                                            <a class=\"bg-white text-dark d-flex flex-column flex-grow-1 pt-15 pt-md-20 px-15 px-lg-20\" href=\"https:\/\/eu.iko.com\/de\/product\/flachdachsysteme\/iko-base-atelia\/\">\n\n                                                            <h5 class=\"text-dark text-center font-weight-bolder mb-2\">\n                                    IKO base Atelia                                <\/h5>\n                            \n                            <\/a>\n                                                                <a class=\"min-height-1 bg-white\" href=\"https:\/\/eu.iko.com\/de\/product\/flachdachsysteme\/iko-base-atelia\/\">\n                            <div class=\"overflow-hidden c-small-product__image\">\n                                <img loading=\"lazy\" decoding=\"async\" width=\"85\" height=\"299\" src=\"https:\/\/eu.iko.com\/wp-content\/uploads\/2023\/04\/iko-base-atelia.png\" class=\"c-filter__animation_obj__thumbnail w-100 img-fluid wp-post-image\" alt=\"IKO base Atelia\" \/>                            <\/div>\n                        <\/a>\n                                    <\/div>\n                                \n                            <div class=\"c-filter__animation_obj shadow d-flex flex-column c-small-product\" filterdata=\"1068 \">\n                                            <a class=\"bg-white text-dark d-flex flex-column flex-grow-1 pt-15 pt-md-20 px-15 px-lg-20\" href=\"https:\/\/eu.iko.com\/de\/product\/flachdachsysteme\/iko-shield\/\">\n\n                                                            <h5 class=\"text-dark text-center font-weight-bolder mb-2\">\n                                    IKO shield                                <\/h5>\n                            \n                            <\/a>\n                                                                <a class=\"min-height-1 bg-white\" href=\"https:\/\/eu.iko.com\/de\/product\/flachdachsysteme\/iko-shield\/\">\n                            <div class=\"overflow-hidden c-small-product__image\">\n                                <img loading=\"lazy\" decoding=\"async\" width=\"95\" height=\"300\" src=\"https:\/\/eu.iko.com\/wp-content\/uploads\/2023\/02\/product-packshot-iko-shield-alu3-tf.png\" class=\"c-filter__animation_obj__thumbnail w-100 img-fluid wp-post-image\" alt=\"IKO shield\" \/>                            <\/div>\n                        <\/a>\n                                    <\/div>\n                        <\/div>\n\n        \n    \n<\/div>\n<\/section>","protected":false},"excerpt":{"rendered":"","protected":false},"featured_media":8044,"template":"","taxonomy_divisions":[936],"taxonomy_applications":[1068,1066],"class_list":["post-87649","cpt_product","type-cpt_product","status-publish","has-post-thumbnail","hentry","taxonomy_divisions-flachdachsysteme","taxonomy_applications-dampfsperre","taxonomy_applications-zwischenlage"],"acf":[],"yoast_head":"<!-- This site is optimized with the Yoast SEO plugin v27.3 - https:\/\/yoast.com\/product\/yoast-seo-wordpress\/ -->\n<title>IKO base Atelia | IKO<\/title>\n<meta name=\"robots\" content=\"index, follow, max-snippet:-1, max-image-preview:large, max-video-preview:-1\" \/>\n<link rel=\"canonical\" href=\"https:\/\/eu.iko.com\/de\/product\/flachdachsysteme\/iko-base-atelia\/\" \/>\n<meta property=\"og:locale\" content=\"de_DE\" \/>\n<meta property=\"og:type\" content=\"article\" \/>\n<meta property=\"og:title\" content=\"IKO base Atelia | IKO\" \/>\n<meta property=\"og:url\" content=\"https:\/\/eu.iko.com\/de\/product\/flachdachsysteme\/iko-base-atelia\/\" \/>\n<meta property=\"og:site_name\" content=\"IKO\" \/>\n<meta property=\"article:publisher\" content=\"https:\/\/www.facebook.com\/IKOwaterproofingandinsulation\/\" \/>\n<meta property=\"article:modified_time\" content=\"2026-04-09T14:17:24+00:00\" \/>\n<meta property=\"og:image\" content=\"https:\/\/eu.iko.com\/wp-content\/uploads\/2023\/04\/iko-base-atelia.png\" \/>\n\t<meta property=\"og:image:width\" content=\"85\" \/>\n\t<meta property=\"og:image:height\" content=\"299\" \/>\n\t<meta property=\"og:image:type\" content=\"image\/png\" \/>\n<meta name=\"twitter:card\" content=\"summary_large_image\" \/>\n<meta name=\"twitter:label1\" content=\"Gesch\u00e4tzte Lesezeit\" \/>\n\t<meta name=\"twitter:data1\" content=\"1\u00a0Minute\" \/>\n<script type=\"application\/ld+json\" class=\"yoast-schema-graph\">{\"@context\":\"https:\\\/\\\/schema.org\",\"@graph\":[{\"@type\":\"WebPage\",\"@id\":\"https:\\\/\\\/eu.iko.com\\\/de\\\/product\\\/flachdachsysteme\\\/iko-base-atelia\\\/\",\"url\":\"https:\\\/\\\/eu.iko.com\\\/de\\\/product\\\/flachdachsysteme\\\/iko-base-atelia\\\/\",\"name\":\"IKO base Atelia | IKO\",\"isPartOf\":{\"@id\":\"https:\\\/\\\/eu.iko.com\\\/de\\\/#website\"},\"primaryImageOfPage\":{\"@id\":\"https:\\\/\\\/eu.iko.com\\\/de\\\/product\\\/flachdachsysteme\\\/iko-base-atelia\\\/#primaryimage\"},\"image\":{\"@id\":\"https:\\\/\\\/eu.iko.com\\\/de\\\/product\\\/flachdachsysteme\\\/iko-base-atelia\\\/#primaryimage\"},\"thumbnailUrl\":\"https:\\\/\\\/eu.iko.com\\\/wp-content\\\/uploads\\\/2023\\\/04\\\/iko-base-atelia.png\",\"datePublished\":\"2023-04-24T12:32:37+00:00\",\"dateModified\":\"2026-04-09T14:17:24+00:00\",\"breadcrumb\":{\"@id\":\"https:\\\/\\\/eu.iko.com\\\/de\\\/product\\\/flachdachsysteme\\\/iko-base-atelia\\\/#breadcrumb\"},\"inLanguage\":\"de\",\"potentialAction\":[{\"@type\":\"ReadAction\",\"target\":[\"https:\\\/\\\/eu.iko.com\\\/de\\\/product\\\/flachdachsysteme\\\/iko-base-atelia\\\/\"]}]},{\"@type\":\"ImageObject\",\"inLanguage\":\"de\",\"@id\":\"https:\\\/\\\/eu.iko.com\\\/de\\\/product\\\/flachdachsysteme\\\/iko-base-atelia\\\/#primaryimage\",\"url\":\"https:\\\/\\\/eu.iko.com\\\/wp-content\\\/uploads\\\/2023\\\/04\\\/iko-base-atelia.png\",\"contentUrl\":\"https:\\\/\\\/eu.iko.com\\\/wp-content\\\/uploads\\\/2023\\\/04\\\/iko-base-atelia.png\",\"width\":85,\"height\":299},{\"@type\":\"BreadcrumbList\",\"@id\":\"https:\\\/\\\/eu.iko.com\\\/de\\\/product\\\/flachdachsysteme\\\/iko-base-atelia\\\/#breadcrumb\",\"itemListElement\":[{\"@type\":\"ListItem\",\"position\":1,\"name\":\"Home\",\"item\":\"https:\\\/\\\/eu.iko.com\\\/de\\\/\"},{\"@type\":\"ListItem\",\"position\":2,\"name\":\"Flachdachsysteme\",\"item\":\"https:\\\/\\\/eu.iko.com\\\/de\\\/product-divisie\\\/flachdachsysteme\\\/\"},{\"@type\":\"ListItem\",\"position\":3,\"name\":\"IKO base Atelia\"}]},{\"@type\":\"WebSite\",\"@id\":\"https:\\\/\\\/eu.iko.com\\\/de\\\/#website\",\"url\":\"https:\\\/\\\/eu.iko.com\\\/de\\\/\",\"name\":\"IKO Waterproofing & Insulation\",\"description\":\"Dakdichting, waterdichting en isolatie\",\"publisher\":{\"@id\":\"https:\\\/\\\/eu.iko.com\\\/de\\\/#organization\"},\"potentialAction\":[{\"@type\":\"SearchAction\",\"target\":{\"@type\":\"EntryPoint\",\"urlTemplate\":\"https:\\\/\\\/eu.iko.com\\\/de\\\/?s={search_term_string}\"},\"query-input\":{\"@type\":\"PropertyValueSpecification\",\"valueRequired\":true,\"valueName\":\"search_term_string\"}}],\"inLanguage\":\"de\"},{\"@type\":\"Organization\",\"@id\":\"https:\\\/\\\/eu.iko.com\\\/de\\\/#organization\",\"name\":\"IKO Waterproofing & Insulation\",\"url\":\"https:\\\/\\\/eu.iko.com\\\/de\\\/\",\"logo\":{\"@type\":\"ImageObject\",\"inLanguage\":\"de\",\"@id\":\"https:\\\/\\\/eu.iko.com\\\/de\\\/#\\\/schema\\\/logo\\\/image\\\/\",\"url\":\"https:\\\/\\\/eu.iko.com\\\/wp-content\\\/uploads\\\/2024\\\/03\\\/emailheader.jpg\",\"contentUrl\":\"https:\\\/\\\/eu.iko.com\\\/wp-content\\\/uploads\\\/2024\\\/03\\\/emailheader.jpg\",\"width\":600,\"height\":200,\"caption\":\"IKO Waterproofing & Insulation\"},\"image\":{\"@id\":\"https:\\\/\\\/eu.iko.com\\\/de\\\/#\\\/schema\\\/logo\\\/image\\\/\"},\"sameAs\":[\"https:\\\/\\\/www.facebook.com\\\/IKOwaterproofingandinsulation\\\/\",\"https:\\\/\\\/www.linkedin.com\\\/company\\\/iko-waterproofingandinsulation\\\/\",\"https:\\\/\\\/www.instagram.com\\\/iko_waterproofing_insulation\\\/\",\"https:\\\/\\\/www.youtube.com\\\/channel\\\/UCb6EjYDrbNjJJM0EeZHQHcg\"]}]}<\/script>\n<!-- \/ Yoast SEO plugin. -->","yoast_head_json":{"title":"IKO base Atelia | IKO","robots":{"index":"index","follow":"follow","max-snippet":"max-snippet:-1","max-image-preview":"max-image-preview:large","max-video-preview":"max-video-preview:-1"},"canonical":"https:\/\/eu.iko.com\/de\/product\/flachdachsysteme\/iko-base-atelia\/","og_locale":"de_DE","og_type":"article","og_title":"IKO base Atelia | IKO","og_url":"https:\/\/eu.iko.com\/de\/product\/flachdachsysteme\/iko-base-atelia\/","og_site_name":"IKO","article_publisher":"https:\/\/www.facebook.com\/IKOwaterproofingandinsulation\/","article_modified_time":"2026-04-09T14:17:24+00:00","og_image":[{"width":85,"height":299,"url":"https:\/\/eu.iko.com\/wp-content\/uploads\/2023\/04\/iko-base-atelia.png","type":"image\/png"}],"twitter_card":"summary_large_image","twitter_misc":{"Gesch\u00e4tzte Lesezeit":"1\u00a0Minute"},"schema":{"@context":"https:\/\/schema.org","@graph":[{"@type":"WebPage","@id":"https:\/\/eu.iko.com\/de\/product\/flachdachsysteme\/iko-base-atelia\/","url":"https:\/\/eu.iko.com\/de\/product\/flachdachsysteme\/iko-base-atelia\/","name":"IKO base Atelia | IKO","isPartOf":{"@id":"https:\/\/eu.iko.com\/de\/#website"},"primaryImageOfPage":{"@id":"https:\/\/eu.iko.com\/de\/product\/flachdachsysteme\/iko-base-atelia\/#primaryimage"},"image":{"@id":"https:\/\/eu.iko.com\/de\/product\/flachdachsysteme\/iko-base-atelia\/#primaryimage"},"thumbnailUrl":"https:\/\/eu.iko.com\/wp-content\/uploads\/2023\/04\/iko-base-atelia.png","datePublished":"2023-04-24T12:32:37+00:00","dateModified":"2026-04-09T14:17:24+00:00","breadcrumb":{"@id":"https:\/\/eu.iko.com\/de\/product\/flachdachsysteme\/iko-base-atelia\/#breadcrumb"},"inLanguage":"de","potentialAction":[{"@type":"ReadAction","target":["https:\/\/eu.iko.com\/de\/product\/flachdachsysteme\/iko-base-atelia\/"]}]},{"@type":"ImageObject","inLanguage":"de","@id":"https:\/\/eu.iko.com\/de\/product\/flachdachsysteme\/iko-base-atelia\/#primaryimage","url":"https:\/\/eu.iko.com\/wp-content\/uploads\/2023\/04\/iko-base-atelia.png","contentUrl":"https:\/\/eu.iko.com\/wp-content\/uploads\/2023\/04\/iko-base-atelia.png","width":85,"height":299},{"@type":"BreadcrumbList","@id":"https:\/\/eu.iko.com\/de\/product\/flachdachsysteme\/iko-base-atelia\/#breadcrumb","itemListElement":[{"@type":"ListItem","position":1,"name":"Home","item":"https:\/\/eu.iko.com\/de\/"},{"@type":"ListItem","position":2,"name":"Flachdachsysteme","item":"https:\/\/eu.iko.com\/de\/product-divisie\/flachdachsysteme\/"},{"@type":"ListItem","position":3,"name":"IKO base Atelia"}]},{"@type":"WebSite","@id":"https:\/\/eu.iko.com\/de\/#website","url":"https:\/\/eu.iko.com\/de\/","name":"IKO Waterproofing & Insulation","description":"Dakdichting, waterdichting en isolatie","publisher":{"@id":"https:\/\/eu.iko.com\/de\/#organization"},"potentialAction":[{"@type":"SearchAction","target":{"@type":"EntryPoint","urlTemplate":"https:\/\/eu.iko.com\/de\/?s={search_term_string}"},"query-input":{"@type":"PropertyValueSpecification","valueRequired":true,"valueName":"search_term_string"}}],"inLanguage":"de"},{"@type":"Organization","@id":"https:\/\/eu.iko.com\/de\/#organization","name":"IKO Waterproofing & Insulation","url":"https:\/\/eu.iko.com\/de\/","logo":{"@type":"ImageObject","inLanguage":"de","@id":"https:\/\/eu.iko.com\/de\/#\/schema\/logo\/image\/","url":"https:\/\/eu.iko.com\/wp-content\/uploads\/2024\/03\/emailheader.jpg","contentUrl":"https:\/\/eu.iko.com\/wp-content\/uploads\/2024\/03\/emailheader.jpg","width":600,"height":200,"caption":"IKO Waterproofing & Insulation"},"image":{"@id":"https:\/\/eu.iko.com\/de\/#\/schema\/logo\/image\/"},"sameAs":["https:\/\/www.facebook.com\/IKOwaterproofingandinsulation\/","https:\/\/www.linkedin.com\/company\/iko-waterproofingandinsulation\/","https:\/\/www.instagram.com\/iko_waterproofing_insulation\/","https:\/\/www.youtube.com\/channel\/UCb6EjYDrbNjJJM0EeZHQHcg"]}]}},"_links":{"self":[{"href":"https:\/\/eu.iko.com\/de\/wp-json\/wp\/v2\/cpt_product\/87649","targetHints":{"allow":["GET"]}}],"collection":[{"href":"https:\/\/eu.iko.com\/de\/wp-json\/wp\/v2\/cpt_product"}],"about":[{"href":"https:\/\/eu.iko.com\/de\/wp-json\/wp\/v2\/types\/cpt_product"}],"version-history":[{"count":1,"href":"https:\/\/eu.iko.com\/de\/wp-json\/wp\/v2\/cpt_product\/87649\/revisions"}],"predecessor-version":[{"id":96458,"href":"https:\/\/eu.iko.com\/de\/wp-json\/wp\/v2\/cpt_product\/87649\/revisions\/96458"}],"wp:featuredmedia":[{"embeddable":true,"href":"https:\/\/eu.iko.com\/de\/wp-json\/wp\/v2\/media\/8044"}],"wp:attachment":[{"href":"https:\/\/eu.iko.com\/de\/wp-json\/wp\/v2\/media?parent=87649"}],"wp:term":[{"taxonomy":"taxonomy_divisions","embeddable":true,"href":"https:\/\/eu.iko.com\/de\/wp-json\/wp\/v2\/taxonomy_divisions?post=87649"},{"taxonomy":"taxonomy_applications","embeddable":true,"href":"https:\/\/eu.iko.com\/de\/wp-json\/wp\/v2\/taxonomy_applications?post=87649"}],"curies":[{"name":"wp","href":"https:\/\/api.w.org\/{rel}","templated":true}]}}